{"id":3490,"date":"2023-04-02T15:13:51","date_gmt":"2023-04-02T13:13:51","guid":{"rendered":"http:\/\/berlin-boehm.de\/Kanty\/?page_id=3490"},"modified":"2023-04-07T10:07:50","modified_gmt":"2023-04-07T08:07:50","slug":"politik-und-recht","status":"publish","type":"page","link":"http:\/\/berlin-boehm.de\/Kanty\/politik-und-recht","title":{"rendered":"Politik"},"content":{"rendered":"<div id='av-layout-grid-1'  class='av-layout-grid-container av-cjqaia-113bf3746b19d83dbf5bd970a12aba81 entry-content-wrapper main_color av-flex-cells  avia-builder-el-0  el_before_av_layout_row  avia-builder-el-first   container_wrap fullsize'  >\n\n<style type=\"text\/css\" data-created_by=\"avia_inline_auto\" id=\"style-css-av-lfzmgu6m-3973f44f026d378baeb544db35305613\">\n.flex_cell.av-lfzmgu6m-3973f44f026d378baeb544db35305613{\nvertical-align:middle;\nheight:500px;\nmin-height:500px;\nbackground:url(http:\/\/berlin-boehm.de\/wp-content\/uploads\/2023\/04\/reichstagstrudel.jpg) 0% 0% no-repeat scroll #22689e;\n}\n.responsive #top #wrap_all .flex_cell.av-lfzmgu6m-3973f44f026d378baeb544db35305613{\npadding:0px 0px 0px 0px !important;\n}\n<\/style>\n<div class='flex_cell av-lfzmgu6m-3973f44f026d378baeb544db35305613 av-gridrow-cell av_one_half no_margin  avia-builder-el-1  el_before_av_cell_one_half  avia-builder-el-first  content-align-middle av-zero-padding avia-full-contain'  ><div class='flex_cell_inner'><\/div><\/div>\n<style type=\"text\/css\" data-created_by=\"avia_inline_auto\" id=\"style-css-av-a8vlyq-91450e531d767701681ef6e8e7584b61\">\n.flex_cell.av-a8vlyq-91450e531d767701681ef6e8e7584b61{\nvertical-align:middle;\nheight:500px;\nmin-height:500px;\nbackground-color:#22689e;\n}\n.responsive #top #wrap_all .flex_cell.av-a8vlyq-91450e531d767701681ef6e8e7584b61{\npadding:80px 80px 80px 80px !important;\n}\n<\/style>\n<div class='flex_cell av-a8vlyq-91450e531d767701681ef6e8e7584b61 av-gridrow-cell av_one_half no_margin  avia-builder-el-2  el_after_av_cell_one_half  avia-builder-el-last  content-align-middle'  ><div class='flex_cell_inner'><p>\n<style type=\"text\/css\" data-created_by=\"avia_inline_auto\" id=\"style-css-av-lfzmg0bj-2ed12514150dd259fae30d92ad689d77\">\n#top .av-special-heading.av-lfzmg0bj-2ed12514150dd259fae30d92ad689d77{\npadding-bottom:25px;\ncolor:#ffffff;\nfont-size:34px;\n}\nbody .av-special-heading.av-lfzmg0bj-2ed12514150dd259fae30d92ad689d77 .av-special-heading-tag .heading-char{\nfont-size:25px;\n}\n#top #wrap_all .av-special-heading.av-lfzmg0bj-2ed12514150dd259fae30d92ad689d77 .av-special-heading-tag{\nfont-size:34px;\n}\n.av-special-heading.av-lfzmg0bj-2ed12514150dd259fae30d92ad689d77 .special-heading-inner-border{\nborder-color:#ffffff;\n}\n.av-special-heading.av-lfzmg0bj-2ed12514150dd259fae30d92ad689d77 .av-subheading{\nfont-size:15px;\n}\n\n@media only screen and (min-width: 480px) and (max-width: 767px){ \n#top #wrap_all .av-special-heading.av-lfzmg0bj-2ed12514150dd259fae30d92ad689d77 .av-special-heading-tag{\nfont-size:0.8em;\n}\n}\n\n@media only screen and (max-width: 479px){ \n#top #wrap_all .av-special-heading.av-lfzmg0bj-2ed12514150dd259fae30d92ad689d77 .av-special-heading-tag{\nfont-size:0.8em;\n}\n}\n<\/style>\n<div  class='av-special-heading av-lfzmg0bj-2ed12514150dd259fae30d92ad689d77 av-special-heading-h3 custom-color-heading blockquote modern-quote modern-centered  avia-builder-el-3  el_before_av_textblock  avia-builder-el-first  av-inherit-size'><h3 class='av-special-heading-tag '  itemprop=\"headline\"  >Politik<\/h3><div class=\"special-heading-border\"><div class=\"special-heading-inner-border\"><\/div><\/div><\/div><br \/>\n\n<style type=\"text\/css\" data-created_by=\"avia_inline_auto\" id=\"style-css-av-lfzmhxwy-dce202752d0c86a23e250aad309a8fb3\">\n#top .av_textblock_section.av-lfzmhxwy-dce202752d0c86a23e250aad309a8fb3 .avia_textblock{\ncolor:#ffffff;\n}\n<\/style>\n<section  class='av_textblock_section av-lfzmhxwy-dce202752d0c86a23e250aad309a8fb3 '   itemscope=\"itemscope\" itemtype=\"https:\/\/schema.org\/CreativeWork\" ><div class='avia_textblock av_inherit_color'  itemprop=\"text\" ><p style=\"text-align: center;\">In den Prinzipien einer postmodernen liberalen Demokratie werden neue Wege der Partizipation und einer liberalen Herrschaftsordnung aufgezeigt.<\/p>\n<\/div><\/section><\/p>\n<\/div><\/div>\n<\/div>\n<div id='av-layout-grid-2'  class='av-layout-grid-container av-8uojya-4434db108ac85b216ac400755c274dba entry-content-wrapper main_color av-flex-cells  avia-builder-el-5  el_after_av_layout_row  avia-builder-el-last  grid-row-not-first  container_wrap fullsize'  >\n\n<style type=\"text\/css\" data-created_by=\"avia_inline_auto\" id=\"style-css-av-6zb54y-90441bd86e31a33dec32b6a36a3473dc\">\n.flex_cell.av-6zb54y-90441bd86e31a33dec32b6a36a3473dc{\nvertical-align:middle;\nheight:500px;\nmin-height:500px;\nbackground-color:#22689e;\n}\n.responsive #top #wrap_all .flex_cell.av-6zb54y-90441bd86e31a33dec32b6a36a3473dc{\npadding:10px 0px 20px 60px !important;\n}\n<\/style>\n<div class='flex_cell av-6zb54y-90441bd86e31a33dec32b6a36a3473dc av-gridrow-cell av_one_half no_margin  avia-builder-el-6  el_before_av_cell_one_half  avia-builder-el-first  content-align-middle avia-full-stretch'  ><div class='flex_cell_inner'>\n<style type=\"text\/css\" data-created_by=\"avia_inline_auto\" id=\"style-css-av-lfzmkn4g-835667dedcba475cdadafad587b142c6\">\n#top .av_textblock_section.av-lfzmkn4g-835667dedcba475cdadafad587b142c6 .avia_textblock{\ncolor:#ffffff;\n}\n<\/style>\n<section  class='av_textblock_section av-lfzmkn4g-835667dedcba475cdadafad587b142c6 '   itemscope=\"itemscope\" itemtype=\"https:\/\/schema.org\/CreativeWork\" ><div class='avia_textblock av_inherit_color'  itemprop=\"text\" ><h3 style=\"text-align: center;\">Prinzipien einer postmodernen liberalen Demokratie<\/h3>\n<\/div><\/section><br \/>\n\n<style type=\"text\/css\" data-created_by=\"avia_inline_auto\" id=\"style-css-av-lg598uru-eb0568e5d5f3b651c02f7e7f95e29cd5\">\n#top .av_textblock_section.av-lg598uru-eb0568e5d5f3b651c02f7e7f95e29cd5 .avia_textblock{\ncolor:#ffffff;\n}\n<\/style>\n<section  class='av_textblock_section av-lg598uru-eb0568e5d5f3b651c02f7e7f95e29cd5 '   itemscope=\"itemscope\" itemtype=\"https:\/\/schema.org\/CreativeWork\" ><div class='avia_textblock av_inherit_color'  itemprop=\"text\" ><p style=\"text-align: center;\">Die herk\u00f6mmlichen Instrumente der Repr\u00e4sentation des Volkes sind nicht mehr zeitgem\u00e4\u00df und deren Ersetzung k\u00f6nnte zu mehr Partizipation, eine verbesserte Transparenz und h\u00f6here Performanz des demokratischen Systems f\u00fchren, so dass sich dadurch die gesamte Legitimit\u00e4t der Herrschaftsordnung erh\u00f6ht.<\/p>\n<\/div><\/section><br \/>\n<div  class='avia-button-wrap av-lfzmlilr-421bdb6d8c386f9ed44c065445d2f9f3-wrap avia-button-center  avia-builder-el-9  el_after_av_textblock  el_before_av_textblock '>\n<style type=\"text\/css\" data-created_by=\"avia_inline_auto\" id=\"style-css-av-lfzmlilr-421bdb6d8c386f9ed44c065445d2f9f3\">\n#top #wrap_all .avia-button.av-lfzmlilr-421bdb6d8c386f9ed44c065445d2f9f3{\nmargin:10px 0 30px 0;\n}\n<\/style>\n<a href=''  class='avia-button av-lfzmlilr-421bdb6d8c386f9ed44c065445d2f9f3 av-link-btn avia-icon_select-yes-left-icon avia-size-small avia-position-center avia-color-theme-color'   aria-label=\"Lesen\"><span class='avia_button_icon avia_button_icon_left avia-iconfont avia-font-entypo-fontello' data-av_icon='\ue84e' data-av_iconfont='entypo-fontello' ><\/span><span class='avia_iconbox_title' >Lesen<\/span><\/a><\/div><br \/>\n\n<style type=\"text\/css\" data-created_by=\"avia_inline_auto\" id=\"style-css-av-lfzmmes4-5b6596388b5ea2e0387fd0fdfe2e65a5\">\n#top .av_textblock_section.av-lfzmmes4-5b6596388b5ea2e0387fd0fdfe2e65a5 .avia_textblock{\ncolor:#ffffff;\n}\n<\/style>\n<section  class='av_textblock_section av-lfzmmes4-5b6596388b5ea2e0387fd0fdfe2e65a5 '   itemscope=\"itemscope\" itemtype=\"https:\/\/schema.org\/CreativeWork\" ><div class='avia_textblock av_inherit_color'  itemprop=\"text\" ><h3 style=\"text-align: center;\">Entwurf einer neuen Verfassung der Bundesrepublik Deutschland<\/h3>\n<\/div><\/section><br \/>\n\n<style type=\"text\/css\" data-created_by=\"avia_inline_auto\" id=\"style-css-av-lg599b4q-8e9ec0f2e62d70d8221f322c1ca59bb9\">\n#top .av_textblock_section.av-lg599b4q-8e9ec0f2e62d70d8221f322c1ca59bb9 .avia_textblock{\ncolor:#ffffff;\n}\n<\/style>\n<section  class='av_textblock_section av-lg599b4q-8e9ec0f2e62d70d8221f322c1ca59bb9 '   itemscope=\"itemscope\" itemtype=\"https:\/\/schema.org\/CreativeWork\" ><div class='avia_textblock av_inherit_color'  itemprop=\"text\" ><p style=\"text-align: center;\">Aufbauend auf den Prinzipien wird der Versuch unternommen, eine neue Verfassung zu konzipieren, die die Grundrechte erweitert, den F\u00f6deralismus und veraltete Repr\u00e4sentationsprinzipien \u00fcberwindet, die Vorteile einer pr\u00e4sidialen Struktur nutzt und Formen der direkten Demokratie einf\u00fchrt.<\/p>\n<\/div><\/section><br \/>\n<div  class='avia-button-wrap av-lfzmmunu-ffbdaee6691ae370a64a9f0cc17db128-wrap avia-button-center  avia-builder-el-12  el_after_av_textblock  avia-builder-el-last '>\n<style type=\"text\/css\" data-created_by=\"avia_inline_auto\" id=\"style-css-av-lfzmmunu-ffbdaee6691ae370a64a9f0cc17db128\">\n#top #wrap_all .avia-button.av-lfzmmunu-ffbdaee6691ae370a64a9f0cc17db128{\nmargin:10px 0 30px 0;\n}\n<\/style>\n<a href='http:\/\/berlin-boehm.de\/Kanty\/archive\/4606'  class='avia-button av-lfzmmunu-ffbdaee6691ae370a64a9f0cc17db128 av-link-btn avia-icon_select-yes-left-icon avia-size-small avia-position-center avia-color-theme-color'   aria-label=\"Lesen\"><span class='avia_button_icon avia_button_icon_left avia-iconfont avia-font-entypo-fontello' data-av_icon='\ue84e' data-av_iconfont='entypo-fontello' ><\/span><span class='avia_iconbox_title' >Lesen<\/span><\/a><\/div><\/p>\n<\/div><\/div>\n<style type=\"text\/css\" data-created_by=\"avia_inline_auto\" id=\"style-css-av-37zj1u-f3defb918131fc09777610e4ab2ace75\">\n.flex_cell.av-37zj1u-f3defb918131fc09777610e4ab2ace75{\nvertical-align:middle;\nheight:500px;\nmin-height:500px;\nbackground-color:#22689e;\n}\n.responsive #top #wrap_all .flex_cell.av-37zj1u-f3defb918131fc09777610e4ab2ace75{\npadding:80px 80px 80px 80px !important;\n}\n<\/style>\n<div class='flex_cell av-37zj1u-f3defb918131fc09777610e4ab2ace75 av-gridrow-cell av_one_half no_margin  avia-builder-el-13  el_after_av_cell_one_half  avia-builder-el-last  content-align-middle'  ><div class='flex_cell_inner'>\n<style type=\"text\/css\" data-created_by=\"avia_inline_auto\" id=\"style-css-av-lfzmhff2-7e7ce3335c2d8c6a1a901c90dafea607\">\n.avia-image-container.av-lfzmhff2-7e7ce3335c2d8c6a1a901c90dafea607 img.avia_image{\nbox-shadow:none;\n}\n.avia-image-container.av-lfzmhff2-7e7ce3335c2d8c6a1a901c90dafea607 .av-image-caption-overlay-center{\ncolor:#ffffff;\n}\n<\/style>\n<div  class='avia-image-container av-lfzmhff2-7e7ce3335c2d8c6a1a901c90dafea607 av-styling- avia-align-center  avia-builder-el-14  avia-builder-el-no-sibling '   itemprop=\"image\" itemscope=\"itemscope\" itemtype=\"https:\/\/schema.org\/ImageObject\" ><div class=\"avia-image-container-inner\"><div class=\"avia-image-overlay-wrap\"><img decoding=\"async\" fetchpriority=\"high\" class='wp-image-3503 avia-img-lazy-loading-not-3503 avia_image ' src=\"http:\/\/berlin-boehm.de\/wp-content\/uploads\/2023\/04\/OrangUtan.jpg\" alt='' title='OrangUtan'  height=\"2102\" width=\"2016\"  itemprop=\"thumbnailUrl\" srcset=\"http:\/\/berlin-boehm.de\/wp-content\/uploads\/2023\/04\/OrangUtan.jpg 2016w, http:\/\/berlin-boehm.de\/wp-content\/uploads\/2023\/04\/OrangUtan-288x300.jpg 288w, http:\/\/berlin-boehm.de\/wp-content\/uploads\/2023\/04\/OrangUtan-988x1030.jpg 988w, http:\/\/berlin-boehm.de\/wp-content\/uploads\/2023\/04\/OrangUtan-768x801.jpg 768w, http:\/\/berlin-boehm.de\/wp-content\/uploads\/2023\/04\/OrangUtan-1473x1536.jpg 1473w, http:\/\/berlin-boehm.de\/wp-content\/uploads\/2023\/04\/OrangUtan-1964x2048.jpg 1964w, http:\/\/berlin-boehm.de\/wp-content\/uploads\/2023\/04\/OrangUtan-1439x1500.jpg 1439w, http:\/\/berlin-boehm.de\/wp-content\/uploads\/2023\/04\/OrangUtan-676x705.jpg 676w\" sizes=\"(max-width: 2016px) 100vw, 2016px\" \/><\/div><\/div><\/div>\n<\/div><\/div><\/div>\n","protected":false},"excerpt":{"rendered":"","protected":false},"author":1,"featured_media":0,"parent":0,"menu_order":0,"comment_status":"closed","ping_status":"closed","template":"","meta":{"_themeisle_gutenberg_block_has_review":false,"footnotes":""},"class_list":["post-3490","page","type-page","status-publish","hentry"],"yoast_head":"<!-- This site is optimized with the Yoast SEO plugin v27.5 - https:\/\/yoast.com\/product\/yoast-seo-wordpress\/ -->\n<title>Politik - Berliner Gelassenheit<\/title>\n<meta name=\"robots\" content=\"index, follow, max-snippet:-1, max-image-preview:large, max-video-preview:-1\" \/>\n<link rel=\"canonical\" href=\"http:\/\/berlin-boehm.de\/Kanty\/politik-und-recht\" \/>\n<meta property=\"og:locale\" content=\"de_DE\" \/>\n<meta property=\"og:type\" content=\"article\" \/>\n<meta property=\"og:title\" content=\"Politik - Berliner Gelassenheit\" \/>\n<meta property=\"og:url\" content=\"http:\/\/berlin-boehm.de\/Kanty\/politik-und-recht\" \/>\n<meta property=\"og:site_name\" content=\"Berliner Gelassenheit\" \/>\n<meta property=\"article:modified_time\" content=\"2023-04-07T08:07:50+00:00\" \/>\n<meta name=\"twitter:card\" content=\"summary_large_image\" \/>\n<meta name=\"twitter:label1\" content=\"Gesch\u00e4tzte Lesezeit\" \/>\n\t<meta name=\"twitter:data1\" content=\"4\u00a0Minuten\" \/>\n<script type=\"application\/ld+json\" class=\"yoast-schema-graph\">{\"@context\":\"https:\\\/\\\/schema.org\",\"@graph\":[{\"@type\":\"WebPage\",\"@id\":\"http:\\\/\\\/berlin-boehm.de\\\/Kanty\\\/politik-und-recht\",\"url\":\"http:\\\/\\\/berlin-boehm.de\\\/Kanty\\\/politik-und-recht\",\"name\":\"Politik - Berliner Gelassenheit\",\"isPartOf\":{\"@id\":\"http:\\\/\\\/berlin-boehm.de\\\/Kanty\\\/#website\"},\"datePublished\":\"2023-04-02T13:13:51+00:00\",\"dateModified\":\"2023-04-07T08:07:50+00:00\",\"breadcrumb\":{\"@id\":\"http:\\\/\\\/berlin-boehm.de\\\/Kanty\\\/politik-und-recht#breadcrumb\"},\"inLanguage\":\"de\",\"potentialAction\":[{\"@type\":\"ReadAction\",\"target\":[\"http:\\\/\\\/berlin-boehm.de\\\/Kanty\\\/politik-und-recht\"]}]},{\"@type\":\"BreadcrumbList\",\"@id\":\"http:\\\/\\\/berlin-boehm.de\\\/Kanty\\\/politik-und-recht#breadcrumb\",\"itemListElement\":[{\"@type\":\"ListItem\",\"position\":1,\"name\":\"Startseite\",\"item\":\"http:\\\/\\\/berlin-boehm.de\\\/Kanty\\\/\"},{\"@type\":\"ListItem\",\"position\":2,\"name\":\"Politik\"}]},{\"@type\":\"WebSite\",\"@id\":\"http:\\\/\\\/berlin-boehm.de\\\/Kanty\\\/#website\",\"url\":\"http:\\\/\\\/berlin-boehm.de\\\/Kanty\\\/\",\"name\":\"Berliner Gelassenheit\",\"description\":\"Heiterkeit und Widerspr\u00fcche\",\"publisher\":{\"@id\":\"http:\\\/\\\/berlin-boehm.de\\\/Kanty\\\/#\\\/schema\\\/person\\\/e7bb56a842d02bb40f4663709bf5242d\"},\"potentialAction\":[{\"@type\":\"SearchAction\",\"target\":{\"@type\":\"EntryPoint\",\"urlTemplate\":\"http:\\\/\\\/berlin-boehm.de\\\/Kanty\\\/?s={search_term_string}\"},\"query-input\":{\"@type\":\"PropertyValueSpecification\",\"valueRequired\":true,\"valueName\":\"search_term_string\"}}],\"inLanguage\":\"de\"},{\"@type\":[\"Person\",\"Organization\"],\"@id\":\"http:\\\/\\\/berlin-boehm.de\\\/Kanty\\\/#\\\/schema\\\/person\\\/e7bb56a842d02bb40f4663709bf5242d\",\"name\":\"Bartholom\u00e4us B\u00f6hm\",\"logo\":{\"@id\":\"http:\\\/\\\/berlin-boehm.de\\\/Kanty\\\/#\\\/schema\\\/person\\\/image\\\/\"},\"description\":\"Prof. Dr. med. Dr. phil. Bartholom\u00e4us B\u00f6hm LL.M B.A. M.A B.Sc Chirurg, Philosoph, Jurist, Soziologe \u00d6konom, Kulturwissenschaftler\",\"sameAs\":[\"http:\\\/\\\/berlin-boehm.de\"]}]}<\/script>\n<!-- \/ Yoast SEO plugin. -->","yoast_head_json":{"title":"Politik - Berliner Gelassenheit","robots":{"index":"index","follow":"follow","max-snippet":"max-snippet:-1","max-image-preview":"max-image-preview:large","max-video-preview":"max-video-preview:-1"},"canonical":"http:\/\/berlin-boehm.de\/Kanty\/politik-und-recht","og_locale":"de_DE","og_type":"article","og_title":"Politik - Berliner Gelassenheit","og_url":"http:\/\/berlin-boehm.de\/Kanty\/politik-und-recht","og_site_name":"Berliner Gelassenheit","article_modified_time":"2023-04-07T08:07:50+00:00","twitter_card":"summary_large_image","twitter_misc":{"Gesch\u00e4tzte Lesezeit":"4\u00a0Minuten"},"schema":{"@context":"https:\/\/schema.org","@graph":[{"@type":"WebPage","@id":"http:\/\/berlin-boehm.de\/Kanty\/politik-und-recht","url":"http:\/\/berlin-boehm.de\/Kanty\/politik-und-recht","name":"Politik - Berliner Gelassenheit","isPartOf":{"@id":"http:\/\/berlin-boehm.de\/Kanty\/#website"},"datePublished":"2023-04-02T13:13:51+00:00","dateModified":"2023-04-07T08:07:50+00:00","breadcrumb":{"@id":"http:\/\/berlin-boehm.de\/Kanty\/politik-und-recht#breadcrumb"},"inLanguage":"de","potentialAction":[{"@type":"ReadAction","target":["http:\/\/berlin-boehm.de\/Kanty\/politik-und-recht"]}]},{"@type":"BreadcrumbList","@id":"http:\/\/berlin-boehm.de\/Kanty\/politik-und-recht#breadcrumb","itemListElement":[{"@type":"ListItem","position":1,"name":"Startseite","item":"http:\/\/berlin-boehm.de\/Kanty\/"},{"@type":"ListItem","position":2,"name":"Politik"}]},{"@type":"WebSite","@id":"http:\/\/berlin-boehm.de\/Kanty\/#website","url":"http:\/\/berlin-boehm.de\/Kanty\/","name":"Berliner Gelassenheit","description":"Heiterkeit und Widerspr\u00fcche","publisher":{"@id":"http:\/\/berlin-boehm.de\/Kanty\/#\/schema\/person\/e7bb56a842d02bb40f4663709bf5242d"},"potentialAction":[{"@type":"SearchAction","target":{"@type":"EntryPoint","urlTemplate":"http:\/\/berlin-boehm.de\/Kanty\/?s={search_term_string}"},"query-input":{"@type":"PropertyValueSpecification","valueRequired":true,"valueName":"search_term_string"}}],"inLanguage":"de"},{"@type":["Person","Organization"],"@id":"http:\/\/berlin-boehm.de\/Kanty\/#\/schema\/person\/e7bb56a842d02bb40f4663709bf5242d","name":"Bartholom\u00e4us B\u00f6hm","logo":{"@id":"http:\/\/berlin-boehm.de\/Kanty\/#\/schema\/person\/image\/"},"description":"Prof. Dr. med. Dr. phil. Bartholom\u00e4us B\u00f6hm LL.M B.A. M.A B.Sc Chirurg, Philosoph, Jurist, Soziologe \u00d6konom, Kulturwissenschaftler","sameAs":["http:\/\/berlin-boehm.de"]}]}},"_links":{"self":[{"href":"http:\/\/berlin-boehm.de\/Kanty\/wp-json\/wp\/v2\/pages\/3490","targetHints":{"allow":["GET"]}}],"collection":[{"href":"http:\/\/berlin-boehm.de\/Kanty\/wp-json\/wp\/v2\/pages"}],"about":[{"href":"http:\/\/berlin-boehm.de\/Kanty\/wp-json\/wp\/v2\/types\/page"}],"author":[{"embeddable":true,"href":"http:\/\/berlin-boehm.de\/Kanty\/wp-json\/wp\/v2\/users\/1"}],"replies":[{"embeddable":true,"href":"http:\/\/berlin-boehm.de\/Kanty\/wp-json\/wp\/v2\/comments?post=3490"}],"version-history":[{"count":8,"href":"http:\/\/berlin-boehm.de\/Kanty\/wp-json\/wp\/v2\/pages\/3490\/revisions"}],"predecessor-version":[{"id":4609,"href":"http:\/\/berlin-boehm.de\/Kanty\/wp-json\/wp\/v2\/pages\/3490\/revisions\/4609"}],"wp:attachment":[{"href":"http:\/\/berlin-boehm.de\/Kanty\/wp-json\/wp\/v2\/media?parent=3490"}],"curies":[{"name":"wp","href":"https:\/\/api.w.org\/{rel}","templated":true}]}}